{"id":1389,"date":"2022-02-06T17:53:27","date_gmt":"2022-02-06T16:53:27","guid":{"rendered":"https:\/\/hkknos.eu\/?page_id=1389"},"modified":"2024-07-03T17:18:04","modified_gmt":"2024-07-03T15:18:04","slug":"digitale-bibliothek","status":"publish","type":"page","link":"https:\/\/hkknos.eu\/pl\/digitale-bibliothek\/","title":{"rendered":"Biblioteka Cyfrowa"},"content":{"rendered":"<p>Rok<\/th><th class=\"column-2\" style=\"width:70%;\">Dokument<\/th><th class=\"column-3\" style=\"width:15%;\">Link<\/th>\n<\/tr>\n<\/thead>\n<tbody class=\"row-striping row-hover\">\n<tr class=\"row-2\">\n\t<td class=\"column-1\">2025<\/td><td class=\"column-2\">Ralph Wrobel - Die Siedlungsagglomeration \u201eBela \u2013 Z\u00fclz\u201c im Herzogtum<br \/>\nOppeln: Ein Beispiel f\u00fcr erfolgreiche Geopolitik im 13. Jahrhundert<\/td><td class=\"column-3\"><a href=\"https:\/\/my.hidrive.com\/lnk\/IqiFWwoOT\">PDF<\/a><\/td>\n<\/tr>\n<tr class=\"row-3\">\n\t<td class=\"column-1\">2024<\/td><td class=\"column-2\">Paul Dittrich - Ortsfamilienbuch Leuber, Kreis Neustadt OS 1534 \u2013 1946<\/td><td class=\"column-3\"><a href=\"https:\/\/my.hidrive.com\/lnk\/X7rmmdIIi\">PDF<\/a><\/td>\n<\/tr>\n<tr class=\"row-4\">\n\t<td class=\"column-1\">2024<\/td><td class=\"column-2\">Ralph Wrobel \u2013 Das \u201eJahrtausend-Hochwasser\u201d 2024 in der Gemeinde Oberglogau, in:<br \/>\nOberschlesische Heimatzeitung \u2013 Neust\u00e4dter Heimatbrief Nr. 10\/2024, S. 14 \u2013 16.<\/td><td class=\"column-3\"><a href=\"https:\/\/my.hidrive.com\/lnk\/CzXCzM4gx\">PDF<\/a><\/td>\n<\/tr>\n<tr class=\"row-5\">\n\t<td class=\"column-1\">2024<\/td><td class=\"column-2\">G\u00fcnter Hauptstock - K\u00fcnstler und Dokumentare: Fotografen und Fotografenfamilie Dietrich in Oberglogau, in: Oberschlesische Heimatzeitung - Neust\u00e4dter Heimatbrief Nr. 2\/2024, S. 16-18.<\/td><td class=\"column-3\"><a href=\"https:\/\/my.hidrive.com\/lnk\/FJwoH236O\">PDF<\/a><\/td>\n<\/tr>\n<tr class=\"row-6\">\n\t<td class=\"column-1\">2023<\/td><td class=\"column-2\">Ralph Wrobel \u2013 Prof. Dr. Julius Zupitza (1844 \u20131895): Zum 180. Geburtstag des Begr\u00fcnders der deutschen Anglistik aus Oberschlesien, in: Schlesische Geschichtsbl\u00e4tter, Jg. 2022, 2. Heft (2023), S. 68 \u2013 86.<\/td><td class=\"column-3\"><a href=\"https:\/\/my.hidrive.com\/lnk\/zVSTtTIE\">PDF<\/a><\/td>\n<\/tr>\n<tr class=\"row-7\">\n\t<td class=\"column-1\">2022<\/td><td class=\"column-2\">G\u00fcnter Hauptstock \u2013 Graf Franz Joachim Wenzel von Oppersdorff (1778 \u2013 1818) und Oberglogau in dieser Zeit, in: Oberschlesische Heimatzeitung \u2013 Neust\u00e4dter Heimatbrief, Nr. 4\/2022, S. 18 \u2013 19.<\/td><td class=\"column-3\"><a href=\"https:\/\/my.hidrive.com\/lnk\/doyztNX6\">PDF<\/a><\/td>\n<\/tr>\n<tr class=\"row-8\">\n\t<td class=\"column-1\">2022<\/td><td class=\"column-2\">G\u00fcnter Hauptstock \u2013 Franz Heyde: Professor der Leopoldina und Mitbegr\u00fcnder des Botanischen Garten in Breslau, in: Oberschlesische Heimatzeitung \u2013 Neust\u00e4dter Heimatbrief Nr. 6\/2022, S. 21 \u2013 22<\/td><td class=\"column-3\"><a href=\"https:\/\/my.hidrive.com\/lnk\/AByTNtYf\">PDF<\/a><\/td>\n<\/tr>\n<tr class=\"row-9\">\n\t<td class=\"column-1\">2022<\/td><td class=\"column-2\">Wrobel, Ralph \u2013 Neustadt\/OS \u2013Prudnik: eine b\u00f6hmische Stadtgr\u00fcndung in Oberschlesien, in: Jahrbuch f\u00fcr Schlesische Kultur und Geschichte, Bd. 59\/60, 2018\/19, Insingen2022, S. 269 -309.<\/td><td class=\"column-3\"><a href=\"https:\/\/my.hidrive.com\/lnk\/d1STtJFT\">PDF<\/a><\/td>\n<\/tr>\n<tr class=\"row-10\">\n\t<td class=\"column-1\">2021<\/td><td class=\"column-2\">Smarzly, Andreas \u2013 Der K\u00f6rnitzer Aufstand, in: Schlesische Geschichtsbl\u00e4tter \u2013 Zeitschrift f\u00fcr Regionalgeschichte Schlesiens, 47. Jg. (2020), Heft 2, Karlstadt 2021, S. 107 \u2013 124.<\/td><td class=\"column-3\"><a href=\"https:\/\/my.hidrive.com\/lnk\/BNSTN1Ag\">PDF<\/a><\/td>\n<\/tr>\n<tr class=\"row-11\">\n\t<td class=\"column-1\">2021<\/td><td class=\"column-2\">Wrobel, Ralph \u2013 \u201eDie Schreibersdorfer Schwedenschanze: Ein mittelalterlicher Adelssitz in der Hotzenplotz-Niederung\u201c, in: Schlesische Geschichtsbl\u00e4tter, 47. Jg. (2020), 2. Heft, Karlstadt 2021, S. 69 - 84.<br \/>\n<br \/>\n<\/td><td class=\"column-3\"><a href=\"https:\/\/my.hidrive.com\/lnk\/PhSTNIkX\">PDF<\/a><\/td>\n<\/tr>\n<tr class=\"row-12\">\n\t<td class=\"column-1\">2021<\/td><td class=\"column-2\">G\u00fcnter Hauptstock \u2013 Kirchensteuer als Indikator der wirtschaftlichen Verh\u00e4ltnisse in Oberglogau 1912, in: Oberschlesische Heimatzeitung \u2013 Neust\u00e4dter Heimatbrief Nr.7\/2021, S. 20 - 21.<\/td><td class=\"column-3\"><a href=\"https:\/\/my.hidrive.com\/lnk\/Vyyzt4Gg\">PDF<\/a><\/td>\n<\/tr>\n<tr class=\"row-13\">\n\t<td class=\"column-1\">2020<\/td><td class=\"column-2\">Wrobel, Ralph \u2013 \u201eJuden-Z\u00fclz\u201c: wirtschaftliche und soziale Verh\u00e4ltnisse in einem oberschlesischen \"Schtetl\" der Habsburgerzeit, in: Jahrbuch f\u00fcr Kirchen- und Kulturgeschichte der Deutschen in Ostmittel- und S\u00fcdosteuropa, Bd. 78 (2020), S. 225 - 226.<\/td><td class=\"column-3\"><a href=\"https:\/\/my.hidrive.com\/lnk\/LByzNO4t\">PDF<\/a><\/td>\n<\/tr>\n<tr class=\"row-14\">\n\t<td class=\"column-1\">2020<\/td><td class=\"column-2\">Wrobel, Ralph \u2013 Die Chmielnik-M\u00fchle bei Kerpen: Ein Ausschnitt aus der Wirtschafts-und Familiengeschichte Oberschlesiens, in: Jahrbuch f\u00fcr Schlesische Kultur und Geschichte, Bd. 57\/58, 2016\/17, Insingen2020, S. 471 -505.<\/td><td class=\"column-3\"><a href=\"https:\/\/my.hidrive.com\/lnk\/zeyTtxw1\">PDF<\/a><\/td>\n<\/tr>\n<tr class=\"row-15\">\n\t<td class=\"column-1\">2020<\/td><td class=\"column-2\">Wrobel, Ralph \u2013 Die \"G\u00e4rtner\" im mittelalterlichen Oberschlesien: Ein unterb\u00e4uerliches Siedlungscluster bei der Residenzburg Oberglogau, in: Schlesische Geschichtsbl\u00e4tter, 46. Jg. (2019), 2. Heft, Karlstadt 2020, S. 55 - 74.<br \/>\n<br \/>\n<\/td><td class=\"column-3\"><a href=\"https:\/\/my.hidrive.com\/lnk\/iryztoUE\">PDF<\/a><\/td>\n<\/tr>\n<tr class=\"row-16\">\n\t<td class=\"column-1\">2020<\/td><td class=\"column-2\">Wrobel, Ralph \u2013 Das Pauliner Eremitenkloster zur Heiligen Dreifaltigkeit in Wiese sowie die Pfarrei und Krankenheilanstalt Wiese-Pauliner in Oberschlesien: Ergebnisse der aktuellen Forschung, in: Schlesische Geschichtsbl\u00e4tter, 46. Jg. (2019), 1. Heft, Karlstadt 2020, S. 6 - 15.<\/td><td class=\"column-3\"><a href=\"https:\/\/my.hidrive.com\/lnk\/XGyzNVBS\">PDF<\/a><\/td>\n<\/tr>\n<tr class=\"row-17\">\n\t<td class=\"column-1\">2018<\/td><td class=\"column-2\">Smarzly, Andreas \u2013 Die Geschichte der M\u00fchle von Zellin und der Zelliner M\u00fcller, in: Schlesische Geschichtsbl\u00e4tter, 45. Jg. (2018), 1. Heft, Karlstadt 2018, S. 28 \u2013 32.<\/td><td class=\"column-3\"><a href=\"https:\/\/my.hidrive.com\/lnk\/lHSzNrxH\">PDF<\/a><\/td>\n<\/tr>\n<tr class=\"row-18\">\n\t<td class=\"column-1\">2018<\/td><td class=\"column-2\">Wrobel, Ralph \u2013 G\u00e4rtnersiedlungen in Oberschlesien: Leschnig und Wiedrowitz unter der Herrschaft des Klosters Wiese-Pauliner als Beispiel, in: Jahrbuch f\u00fcr Schlesische Kultur und Geschichte, Bd. 55\/56, 2014\/15, Insingen 2018, S. 471 - 521.<\/td><td class=\"column-3\"><a href=\"https:\/\/my.hidrive.com\/lnk\/FGSTNKpv\">PDF<\/a><\/td>\n<\/tr>\n<tr class=\"row-19\">\n\t<td class=\"column-1\">2016<\/td><td class=\"column-2\">G\u00fcnter Hauptstock - Zabawki wykonywane r\u0119cznie w okolicach G\u0142og\u00f3wka, in: M\u00f3j G\u0142og\u00f3wek, Opole 2016, S. 100 \u2013 107.<\/td><td class=\"column-3\"><a href=\"https:\/\/my.hidrive.com\/lnk\/n4yzNLSL\">PDF<\/a><\/td>\n<\/tr>\n<tr class=\"row-20\">\n\t<td class=\"column-1\">2016<\/td><td class=\"column-2\">G\u00fcnter Hauptstock - Badacz lokalnej historii Ernst von Woikowsky-Biedau, in: M\u00f3j G\u0142og\u00f3wek, Opole 2016, S. 291 \u2013 296<\/td><td class=\"column-3\"><a href=\"https:\/\/my.hidrive.com\/lnk\/CKyzNHk2\">PDF<\/a><\/td>\n<\/tr>\n<tr class=\"row-21\">\n\t<td class=\"column-1\">2016<\/td><td class=\"column-2\">G\u00fcnter Hauptstock - Auf den Spuren der Oberglogauer Juden, in: ders: Beitr\u00e4ge zur Geschichte der Stadt Oberglogau, Bd. IV, Unna 2016, S. 50 \u2013 72<\/td><td class=\"column-3\"><a href=\"https:\/\/my.hidrive.com\/lnk\/rxSzt0J0\">PDF<\/a><\/td>\n<\/tr>\n<tr class=\"row-22\">\n\t<td class=\"column-1\">2016<\/td><td class=\"column-2\">G\u00fcnter Hauptstock - \u015aladami g\u0142og\u00f3weckich \u017byd\u00f3w, in: M\u00f3j G\u0142og\u00f3wek, Opole 2016, S. 260 - 281.<\/td><td class=\"column-3\"><a href=\"https:\/\/my.hidrive.com\/lnk\/udyztPn0\">PDF<\/a><\/td>\n<\/tr>\n<tr class=\"row-23\">\n\t<td class=\"column-1\">2016<\/td><td class=\"column-2\">Wrobel, Ralph \u2013 Das Dorf Wilkau, Kreis Neustadt\/OS im Urbarium des Klosters Wiese-Pauliner von 1788, in: Archiv f\u00fcr schlesische Kirchengeschichte, Band 73 - 2015, M\u00fcnster 2016, S. 263 -296.<\/td><td class=\"column-3\"><a href=\"https:\/\/my.hidrive.com\/lnk\/YlSTNLDm\">PDF<\/a><\/td>\n<\/tr>\n<tr class=\"row-24\">\n\t<td class=\"column-1\">2016<\/td><td class=\"column-2\">Ralph Wrobel \u2013 Geschichte der D\u00f6rfer Deutsch und Polnisch M\u00fcllmen, in: Wolfgang Globisch \/ Ralph Michael Wrobel - Wczoraj i Dzis Parafii Wierzch \/ Geschichte der D\u00f6rfer Deutsch und Polnisch M\u00fcllmen, 2. Auflage, Opole 2016, S. 517 \u2013 613.<\/td><td class=\"column-3\"><a href=\"https:\/\/my.hidrive.com\/lnk\/HeSztlAd\">PDF<\/a><\/td>\n<\/tr>\n<tr class=\"row-25\">\n\t<td class=\"column-1\">2014<\/td><td class=\"column-2\">Andreas M. Smarzly - Blaschewitz (Kreis Neustadt OS) \u2013 Geschichte eines oberschlesischen Dorfes, Landeskundliche Schriftenreihe der Historischen Kommission f\u00fcr den Kreis Neustadt\/Oberschlesien e.V., Bd. 8, G\u00f6rlitz 2014<\/td><td class=\"column-3\"><a href=\"https:\/\/my.hidrive.com\/lnk\/WFyTNrs1\">PDF<\/a><\/td>\n<\/tr>\n<tr class=\"row-26\">\n\t<td class=\"column-1\">2013<\/td><td class=\"column-2\">Johannes Preisner - Das Friedersdorfer Urbarium von 1805 und die Situation der Landbev\u00f6lkerung im Oberglogauer Land vor der Befreiung aus der Erbuntert\u00e4nigkeit, Landeskundliche Schriftenreihe der Historischen Kommission f\u00fcr den Kreis Neustadt\/ Oberschlesien e.V ., Bd. 7, G\u00f6rlitz 2013<br \/>\n<\/td><td class=\"column-3\"><a href=\"https:\/\/my.hidrive.com\/lnk\/tmSTtFG5\">PDF<\/a><\/td>\n<\/tr>\n<tr class=\"row-27\">\n\t<td class=\"column-1\">2013<\/td><td class=\"column-2\">Wrobel, Ralph \u2013 Die Madonna im Spiegel: Kunst- und kulturhistorische Bedeutung des Tschenstochauer Marienbildes aus dem Kloster Wiese-Pauliner in Oberschlesien, in: Archiv f\u00fcr schlesische Kirchengeschichte, Band 71 - 2013, M\u00fcnster 2013, S. 171 - 210.<br \/>\n<br \/>\n<\/td><td class=\"column-3\"><a href=\"https:\/\/my.hidrive.com\/lnk\/geSzNair\">PDF<\/a><\/td>\n<\/tr>\n<tr class=\"row-28\">\n\t<td class=\"column-1\">2013<\/td><td class=\"column-2\">Wrobel, Ralph \u2013 Das Kloster Wiese-Pauliner bei Oberglogau in den \"Regestra Perceptarum et Expensarum ...\" von 1711, in: Archiv f\u00fcr schlesische Kirchengeschichte Band 70 - 2012, M\u00fcnster 2013, S. 159 - 181.<\/td><td class=\"column-3\"><a href=\"https:\/\/my.hidrive.com\/lnk\/bjyTtXhN\">PDF<\/a><\/td>\n<\/tr>\n<tr class=\"row-29\">\n\t<td class=\"column-1\">2013<\/td><td class=\"column-2\">G\u00fcnter Hauptstock \u2013 Die alte Wasserkunst, in: ders.: Beitr\u00e4ge zur Geschichte der Stadt Oberglogau, Unna 2013, S. 47 \u2013 56.<\/td><td class=\"column-3\"><a href=\"https:\/\/my.hidrive.com\/lnk\/xCSzNfpC\">PDF<\/a><\/td>\n<\/tr>\n<tr class=\"row-30\">\n\t<td class=\"column-1\">2012<\/td><td class=\"column-2\">M\u0142ynarska, Henryka \u2013 Erinnerungen an den P\u00e4dagogen und Organisten Joseph Schittko aus Friedersdorf, in: Ethnische Minderheiten und Erinnerungskulturen in Mittel- und Osteuropa, 2012, S. 111 \u2013 131.<\/td><td class=\"column-3\"><a href=\"https:\/\/my.hidrive.com\/lnk\/IXyTtVm1\">PDF<\/a><\/td>\n<\/tr>\n<tr class=\"row-31\">\n\t<td class=\"column-1\">2012<\/td><td class=\"column-2\">Wrobel, Ralph \u2013 Die Entwicklung des oberschlesischen Schulwesens in preu\u00dfischer Zeit am Beispiel der Dorfschule in Kerpen, in: Ethnische Minderheiten und Erinnerungskulturen in Mittel- und Osteuropa, 2012, S.81 \u2013 110.<\/td><td class=\"column-3\"><a href=\"https:\/\/my.hidrive.com\/lnk\/7ASztdE1\">PDF<\/a><\/td>\n<\/tr>\n<tr class=\"row-32\">\n\t<td class=\"column-1\">2012<\/td><td class=\"column-2\">Wrobel, Ralph \u2013 Die \u201eRobothfreye Erbscholtisey\u201c zu Kerpen: Sechshundertj\u00e4hrige Geschichte einer deutschrechtlichen Einrichtung im polnischsprachigen Oberschlesien, in: Schlesische Geschichtsbl\u00e4tter, 39. Jg. (2012), Karlstadt 2012, S. 81 - 93.<\/td><td class=\"column-3\"><a href=\"https:\/\/my.hidrive.com\/lnk\/RZyTt7Sw\">PDF<\/a><\/td>\n<\/tr>\n<tr class=\"row-33\">\n\t<td class=\"column-1\">2012<\/td><td class=\"column-2\">Wrobel, Ralph \u2013 Pauperismus im l\u00e4ndlichen Oberschlesien vor 1848: Am Beispiel der H\u00e4uslerstelle Nr. 40 in Kerpen, Kreis Neustadt\/OS, in: Schlesische Geschichtsbl\u00e4tter 39. Jg. (2012), Heft 2, S. 71 - 79.<\/td><td class=\"column-3\"><a href=\"https:\/\/my.hidrive.com\/lnk\/VayTNfyn\">PDF<\/a><\/td>\n<\/tr>\n<tr class=\"row-34\">\n\t<td class=\"column-1\">2011<\/td><td class=\"column-2\">Smarzly, Andreas \u2013 Aus der Geschichte des Dorfes Neuhof (Kreis Neustadt), in: Schlesische Geschichtsbl\u00e4tter, 38. Jahrgang (2001), Heft 1, Karlstadt 2011, S. 36 \u2013 38.<\/td><td class=\"column-3\"><a href=\"https:\/\/my.hidrive.com\/lnk\/R9STt9xl\">PDF<\/a><\/td>\n<\/tr>\n<tr class=\"row-35\">\n\t<td class=\"column-1\">2010<\/td><td class=\"column-2\">Smarzly, Andreas \u2013 Die Schreibersdorfer M\u00fchle \u201eAmerikon\u201c, in: Schlesische Geschichtsbl\u00e4tter, 37. Jg., Heft 2, Karlstadt 2010, S. 68 \u2013 71.<\/td><td class=\"column-3\"><a href=\"https:\/\/my.hidrive.com\/lnk\/oLyztIMC\">PDF<\/a><\/td>\n<\/tr>\n<tr class=\"row-36\">\n\t<td class=\"column-1\">2010<\/td><td class=\"column-2\">Smarzly, Andreas \u2013 Das Geschlecht Lassota von Steblau im Oberglogauer Land und dessen politische Wirkung in Oberschlesien und auf der internationalen B\u00fchne, in: Schlesische Geschichtsbl\u00e4tter, 37. Jg. (2010), Heft 1, Karlstadt 2010, S. 13 \u2013 19.<\/td><td class=\"column-3\"><a href=\"https:\/\/my.hidrive.com\/lnk\/ZXSzNKI1\">PDF<\/a><\/td>\n<\/tr>\n<tr class=\"row-37\">\n\t<td class=\"column-1\">2010<\/td><td class=\"column-2\">Anna Myszynska - Oberschlesische Erz\u00e4hlungen \/ \u015al\u0105skie Rozprawiane, Landeskundliche Schriftenreihe der Historischen Kommission f\u00fcr den Kreis Neustadt\/Oberschlesien e.V.,Bd. 6, G\u00f6rlitz 2010<\/td><td class=\"column-3\"><a href=\"https:\/\/my.hidrive.com\/lnk\/c8yzNarS\">PDF<\/a><\/td>\n<\/tr>\n<tr class=\"row-38\">\n\t<td class=\"column-1\">2010<\/td><td class=\"column-2\">Preisner, Johannes \u2013 Oberglogauer Mariens\u00e4ule 340 Jahre alt, in: Schlesische Geschichtsbl\u00e4tter, 37. Jg. (2010), Heft 1, Karlstadt 2010, S. 11 \u2013 12.<\/td><td class=\"column-3\"><a href=\"https:\/\/my.hidrive.com\/lnk\/ALyTNUnD\">PDF<\/a><\/td>\n<\/tr>\n<tr class=\"row-39\">\n\t<td class=\"column-1\">2010<\/td><td class=\"column-2\">Hesse, Werner \u2013 Pi\u0119\u0107dziesi\u0105t lat Neust\u00e4dter Heimatstube (Prudnickiej Izby Regionalnej), in: Ziemia Prudnicka \u2013 Rocznik 2009\/10, Prudnik 2010, S. 416 \u2013 424.<\/td><td class=\"column-3\"><a href=\"https:\/\/my.hidrive.com\/lnk\/LTSztlY0\">PDF<\/a><\/td>\n<\/tr>\n<tr class=\"row-40\">\n\t<td class=\"column-1\">2010<\/td><td class=\"column-2\">Smarzly, Andreas - M\u0142yn \u201eAmerikon\u201d w Pisarzowicach, in: Ziemia Prudnicka \u2013 Rocznik 2009\/10, Prudnik 2010, S. 95 \u2013 98.<\/td><td class=\"column-3\"><a href=\"https:\/\/my.hidrive.com\/lnk\/fzyTN5nF\">PDF<\/a><\/td>\n<\/tr>\n<tr class=\"row-41\">\n\t<td class=\"column-1\">2010<\/td><td class=\"column-2\">Smarzly, Andreas - R\u00f3d Lassota von Steblau na ziemi g\u0142og\u00f3weckiej, in: Ziemia Prudnicka \u2013 Rocznik 2009\/10, Prudnik 2010, S. 230 \u2013 237. <\/td><td class=\"column-3\"><a href=\"https:\/\/my.hidrive.com\/lnk\/WESTNR9P\">PDF<\/a><\/td>\n<\/tr>\n<tr class=\"row-42\">\n\t<td class=\"column-1\">2010<\/td><td class=\"column-2\">Smarzly, Andreas - Z pocz\u0105tk\u00f3w K\u00f3rnicy, in: Ziemia Prudnicka \u2013 Rocznik 2009\/10, Prudnik 2010, S. 89 \u2013 94.<\/td><td class=\"column-3\"><a href=\"https:\/\/my.hidrive.com\/lnk\/H1yztNnz\">PDF<\/a><\/td>\n<\/tr>\n<tr class=\"row-43\">\n\t<td class=\"column-1\">2009<\/td><td class=\"column-2\">Paul Dittrich - Die Pfarrei St. Jakobus in Leuber \/ Kreis OS, Landeskundliche Schriftenreihe der Historischen Kommission f\u00fcr den Kreis Neustadt\/ Oberschlesien e.V ., Bd. 5, G\u00f6rlitz 2009<\/td><td class=\"column-3\"><a href=\"https:\/\/my.hidrive.com\/lnk\/buSztlCH\">PDF<\/a><\/td>\n<\/tr>\n<tr class=\"row-44\">\n\t<td class=\"column-1\">2008<\/td><td class=\"column-2\">Smarzly, Andreas \u2013 Friderizianische Siedlung links der Oder am Beispiel der Kolonie Reitersdorf im Kreis Neustadt OS, in: Oberschlesisches Jahrbuch 2005\/2006, Bd. 21\/22, S. 49-68, Aschendorff 2008<\/td><td class=\"column-3\"><a href=\"https:\/\/my.hidrive.com\/lnk\/TvSTNBGe\">PDF<\/a><\/td>\n<\/tr>\n<tr class=\"row-45\">\n\t<td class=\"column-1\">2008<\/td><td class=\"column-2\">Smarzly, Andreas \u2013 Maria\u017ce rodzin rolniczych na G\u00f3rnym \u015al\u0105sku na przyk\u0142adzie historii rodziny Janik w K\u00f3rnicy i Oraczach, in: Ziemia Prudnicka - Rocznik 2008, Prudnik 2008, S. 110-115.<\/td><td class=\"column-3\"><a href=\"https:\/\/my.hidrive.com\/lnk\/F6yTNs5B\">PDF<\/a><\/td>\n<\/tr>\n<tr class=\"row-46\">\n\t<td class=\"column-1\">2007<\/td><td class=\"column-2\">Richard Pohl, Johannes Preisner, Ralph Wrobel - Der Kreis Neustadt\/OS im alten Urbarium von 1534, Landeskundliche Schriftenreihe der Historischen Kommission f\u00fcr den Kreis Neustadt\/Oberschlesien e.V., Bd. 4, G\u00f6rlitz 2007<\/td><td class=\"column-3\"><a href=\"https:\/\/my.hidrive.com\/lnk\/OryTNKRF\">PDF<\/a><\/td>\n<\/tr>\n<tr class=\"row-47\">\n\t<td class=\"column-1\">2007<\/td><td class=\"column-2\">Smarzly, Andreas - Z dziej\u00f3w m\u0142yna w Zielinie oraz zieli\u0144skich m\u0142ynarzy, in Ziemia Prudnicka \u2013 Rocznik 2007, Prudnik 2007, S. 128 \u2013 132.<\/td><td class=\"column-3\"><a href=\"https:\/\/my.hidrive.com\/lnk\/7uyTt5A1\">PDF<\/a><\/td>\n<\/tr>\n<tr class=\"row-48\">\n\t<td class=\"column-1\">2007<\/td><td class=\"column-2\">Wrobel, Ralph \u2013 W\u00f3jtostwo miejskie w G\u0142og\u00f3wku [Die Vogtei in Oberglogau], in Ziemia Prudnicka \u2013 Rocznik 2007, Prudnik 2007, S. 40 \u2013 49.<\/td><td class=\"column-3\"><a href=\"https:\/\/my.hidrive.com\/lnk\/BBSztJxn\">PDF<\/a><\/td>\n<\/tr>\n<tr class=\"row-49\">\n\t<td class=\"column-1\">2006<\/td><td class=\"column-2\">Wrobel, Ralph \u2013 Die Gr\u00fcndung und fr\u00fche Entwicklung der Stadt Oberglogau, in: Oberschlesisches Jahrbuch, Bd. 20, Jg. 2004, M\u00fcnster 2006, S. 13-66.<\/td><td class=\"column-3\"><a href=\"https:\/\/my.hidrive.com\/lnk\/B6yztZud\">PDF<\/a><\/td>\n<\/tr>\n<tr class=\"row-50\">\n\t<td class=\"column-1\">2006<\/td><td class=\"column-2\">Smarzly, Andreas \u2013 Hadyrlov i Zupitzowie, in: Ziemia Prudnicka - Rocznik 2006, Prudnik 2006, S. 193-196.<\/td><td class=\"column-3\"><a href=\"https:\/\/my.hidrive.com\/lnk\/kHSztQKo\">PDF<\/a><\/td>\n<\/tr>\n<tr class=\"row-51\">\n\t<td class=\"column-1\">2005<\/td><td class=\"column-2\">G\u00fcnter Hauptstock \u2013 300 Jahre Friedhofskirche, in: Neust\u00e4dter Heimatbrief, Nr. 9\/2005, S. 266 \u2013 267<\/td><td class=\"column-3\"><a href=\"https:\/\/my.hidrive.com\/lnk\/hsSTt8iU\">PDF<\/a><\/td>\n<\/tr>\n<tr class=\"row-52\">\n\t<td class=\"column-1\">2005<\/td><td class=\"column-2\">Smarzly, Andreas \u2013 P\u00f3\u0142 dnia wolno\u015bci \u2013 wypadki k\u00f3rnickie latem 1945 roku, in: Ziemia Prudnicka - Rocznik 2005, Prudnik 2005, S. 35 \u2013 39.<\/td><td class=\"column-3\"><a href=\"https:\/\/my.hidrive.com\/lnk\/kBSTtpyD\">PDF<\/a><\/td>\n<\/tr>\n<tr class=\"row-53\">\n\t<td class=\"column-1\">2004<\/td><td class=\"column-2\">Wrobel, Ralph \u2013 Die Burg Woytowitz im Spannungsfeld zwischen Oberglogau und Repsch \u2013 Aspekte einer historischen Dreiecksbeziehung, in: Oberschlesisches Jahrbuch, Bd. 18\/19, Jg. 2002\/03, M\u00fcnster 2004, S. 11 \u2013 48.<\/td><td class=\"column-3\"><a href=\"https:\/\/my.hidrive.com\/lnk\/G5STNAPz\">PDF<\/a><\/td>\n<\/tr>\n<tr class=\"row-54\">\n\t<td class=\"column-1\">2004<\/td><td class=\"column-2\">Wrobel, Ralph \u2013 Konflikt niemiecko-polski wed\u0142ug kroniki szko\u0142y i gmini Kierpie\u0144 1918 \u2013 1925 \/ Der deutsch-polnische Konflikt in der Schul- und Gemeindechronik von Kerpen 1918 \u2013 1925, in: Ziemia Prudnicka \u2013 Rocznik 2004, Prudnik 2004, S. 70 \u2013 81.<\/td><td class=\"column-3\"><a href=\"https:\/\/my.hidrive.com\/lnk\/L0yTNlhA\">PDF<\/a><\/td>\n<\/tr>\n<tr class=\"row-55\">\n\t<td class=\"column-1\">2003<\/td><td class=\"column-2\">Wrobel, Ralph \u2013 Joannici w powiecie prudnickim \/ Die Johanniter im Kreis Neustadt\/OS, in: Ziemia Prudnicka \u2013 Rocznik 2003, Prudnik 2003, S. 12 \u2013 17.<\/td><td class=\"column-3\"><a href=\"https:\/\/my.hidrive.com\/lnk\/NRSzt1Uk\">PDF<\/a><\/td>\n<\/tr>\n<tr class=\"row-56\">\n\t<td class=\"column-1\">2003<\/td><td class=\"column-2\">G\u00fcnter Hauptstock \u2013 Weinanbau in Oberglogau, in: Neust\u00e4dter Heimatbrief, Nr. 10\/2003, S. 293 \u2013 294<\/td><td class=\"column-3\"><a href=\"https:\/\/my.hidrive.com\/lnk\/2pSzNqDJ\">PDF<\/a><\/td>\n<\/tr>\n<tr class=\"row-57\">\n\t<td class=\"column-1\">2000<\/td><td class=\"column-2\">Wrobel, Ralph \u2013 Adelige Siedlungst\u00e4tigkeit im mittelalterlichen Oberschlesien: Die Herrschaft K\u00f6rnitz und Alt-Kuttendorf als Beispiel, in: Oberschlesisches Jahrbuch, Bd. 14\/15, Jg. 1998\/99, Heidelberg 2000, S. 31 \u2013 48.  <\/td><td class=\"column-3\"><a href=\"https:\/\/my.hidrive.com\/lnk\/6hSTtxIP\">PDF<\/a><\/td>\n<\/tr>\n<tr class=\"row-58\">\n\t<td class=\"column-1\">1996<\/td><td class=\"column-2\">Wrobel, Ralph \u2013 Die Wasserm\u00fchle als Indikator grundherrschaftlicher Wirtschaftst\u00e4tigkeit in Oberschlesien - Eine Untersuchung der Wasserm\u00fchlen in der Herrschaft Oberglogau, in: Oberschlesisches Jahrbuch, Bd. 12, Jg. 1996, S. 53-76.<\/td><td class=\"column-3\"><a href=\"https:\/\/my.hidrive.com\/lnk\/09STtCqQ\">PDF<\/a><\/td>\n<\/tr>\n<tr class=\"row-59\">\n\t<td class=\"column-1\">1993<\/td><td class=\"column-2\">Wrobel, Ralph \u2013 Die Entstehung des G\u00e4rtnerstandes in der Herrschaft Oberglogau, in: Oberschlesisches Jahrbuch, Bd. 9, Jg. 1993, S. 67-81.<\/td><td class=\"column-3\"><a href=\"https:\/\/my.hidrive.com\/lnk\/W9STNYi6\">PDF<\/a><\/td>\n<\/tr>\n<\/tbody>\n<tfoot>\n<tr class=\"row-60\">\n\t<th class=\"column-1\">Rok<\/th><th class=\"column-2\">Titel<\/th><th class=\"column-3\">Link<\/th>\n<\/tr>\n<\/tfoot>\n<\/table>\n<!-- #tablepress-DB from cache -->\n<table id=\"tablepress-DB-no-2\" class=\"tablepress tablepress-id-DB\">\n<thead>\n<tr class=\"row-1\">\n\t<th class=\"column-1\" style=\"width:15%;\">Rok<\/th><th class=\"column-2\" style=\"width:70%;\">Dokument<\/th><th class=\"column-3\" style=\"width:15%;\">Link<\/th>\n<\/tr>\n<\/thead>\n<tbody class=\"row-striping row-hover\">\n<tr class=\"row-2\">\n\t<td class=\"column-1\">2025<\/td><td class=\"column-2\">Ralph Wrobel - Die Siedlungsagglomeration \u201eBela \u2013 Z\u00fclz\u201c im Herzogtum<br \/>\nOppeln: Ein Beispiel f\u00fcr erfolgreiche Geopolitik im 13. Jahrhundert<\/td><td class=\"column-3\"><a href=\"https:\/\/my.hidrive.com\/lnk\/IqiFWwoOT\">PDF<\/a><\/td>\n<\/tr>\n<tr class=\"row-3\">\n\t<td class=\"column-1\">2024<\/td><td class=\"column-2\">Paul Dittrich - Ortsfamilienbuch Leuber, Kreis Neustadt OS 1534 \u2013 1946<\/td><td class=\"column-3\"><a href=\"https:\/\/my.hidrive.com\/lnk\/X7rmmdIIi\">PDF<\/a><\/td>\n<\/tr>\n<tr class=\"row-4\">\n\t<td class=\"column-1\">2024<\/td><td class=\"column-2\">Ralph Wrobel \u2013 Das \u201eJahrtausend-Hochwasser\u201d 2024 in der Gemeinde Oberglogau, in:<br \/>\nOberschlesische Heimatzeitung \u2013 Neust\u00e4dter Heimatbrief Nr. 10\/2024, S. 14 \u2013 16.<\/td><td class=\"column-3\"><a href=\"https:\/\/my.hidrive.com\/lnk\/CzXCzM4gx\">PDF<\/a><\/td>\n<\/tr>\n<tr class=\"row-5\">\n\t<td class=\"column-1\">2024<\/td><td class=\"column-2\">G\u00fcnter Hauptstock - K\u00fcnstler und Dokumentare: Fotografen und Fotografenfamilie Dietrich in Oberglogau, in: Oberschlesische Heimatzeitung - Neust\u00e4dter Heimatbrief Nr. 2\/2024, S. 16-18.<\/td><td class=\"column-3\"><a href=\"https:\/\/my.hidrive.com\/lnk\/FJwoH236O\">PDF<\/a><\/td>\n<\/tr>\n<tr class=\"row-6\">\n\t<td class=\"column-1\">2023<\/td><td class=\"column-2\">Ralph Wrobel \u2013 Prof. Dr. Julius Zupitza (1844 \u20131895): Zum 180. Geburtstag des Begr\u00fcnders der deutschen Anglistik aus Oberschlesien, in: Schlesische Geschichtsbl\u00e4tter, Jg. 2022, 2. Heft (2023), S. 68 \u2013 86.<\/td><td class=\"column-3\"><a href=\"https:\/\/my.hidrive.com\/lnk\/zVSTtTIE\">PDF<\/a><\/td>\n<\/tr>\n<tr class=\"row-7\">\n\t<td class=\"column-1\">2022<\/td><td class=\"column-2\">G\u00fcnter Hauptstock \u2013 Graf Franz Joachim Wenzel von Oppersdorff (1778 \u2013 1818) und Oberglogau in dieser Zeit, in: Oberschlesische Heimatzeitung \u2013 Neust\u00e4dter Heimatbrief, Nr. 4\/2022, S. 18 \u2013 19.<\/td><td class=\"column-3\"><a href=\"https:\/\/my.hidrive.com\/lnk\/doyztNX6\">PDF<\/a><\/td>\n<\/tr>\n<tr class=\"row-8\">\n\t<td class=\"column-1\">2022<\/td><td class=\"column-2\">G\u00fcnter Hauptstock \u2013 Franz Heyde: Professor der Leopoldina und Mitbegr\u00fcnder des Botanischen Garten in Breslau, in: Oberschlesische Heimatzeitung \u2013 Neust\u00e4dter Heimatbrief Nr. 6\/2022, S. 21 \u2013 22<\/td><td class=\"column-3\"><a href=\"https:\/\/my.hidrive.com\/lnk\/AByTNtYf\">PDF<\/a><\/td>\n<\/tr>\n<tr class=\"row-9\">\n\t<td class=\"column-1\">2022<\/td><td class=\"column-2\">Wrobel, Ralph \u2013 Neustadt\/OS \u2013Prudnik: eine b\u00f6hmische Stadtgr\u00fcndung in Oberschlesien, in: Jahrbuch f\u00fcr Schlesische Kultur und Geschichte, Bd. 59\/60, 2018\/19, Insingen2022, S. 269 -309.<\/td><td class=\"column-3\"><a href=\"https:\/\/my.hidrive.com\/lnk\/d1STtJFT\">PDF<\/a><\/td>\n<\/tr>\n<tr class=\"row-10\">\n\t<td class=\"column-1\">2021<\/td><td class=\"column-2\">Smarzly, Andreas \u2013 Der K\u00f6rnitzer Aufstand, in: Schlesische Geschichtsbl\u00e4tter \u2013 Zeitschrift f\u00fcr Regionalgeschichte Schlesiens, 47. Jg. (2020), Heft 2, Karlstadt 2021, S. 107 \u2013 124.<\/td><td class=\"column-3\"><a href=\"https:\/\/my.hidrive.com\/lnk\/BNSTN1Ag\">PDF<\/a><\/td>\n<\/tr>\n<tr class=\"row-11\">\n\t<td class=\"column-1\">2021<\/td><td class=\"column-2\">Wrobel, Ralph \u2013 \u201eDie Schreibersdorfer Schwedenschanze: Ein mittelalterlicher Adelssitz in der Hotzenplotz-Niederung\u201c, in: Schlesische Geschichtsbl\u00e4tter, 47. Jg. (2020), 2. Heft, Karlstadt 2021, S. 69 - 84.<br \/>\n<br \/>\n<\/td><td class=\"column-3\"><a href=\"https:\/\/my.hidrive.com\/lnk\/PhSTNIkX\">PDF<\/a><\/td>\n<\/tr>\n<tr class=\"row-12\">\n\t<td class=\"column-1\">2021<\/td><td class=\"column-2\">G\u00fcnter Hauptstock \u2013 Kirchensteuer als Indikator der wirtschaftlichen Verh\u00e4ltnisse in Oberglogau 1912, in: Oberschlesische Heimatzeitung \u2013 Neust\u00e4dter Heimatbrief Nr.7\/2021, S. 20 - 21.<\/td><td class=\"column-3\"><a href=\"https:\/\/my.hidrive.com\/lnk\/Vyyzt4Gg\">PDF<\/a><\/td>\n<\/tr>\n<tr class=\"row-13\">\n\t<td class=\"column-1\">2020<\/td><td class=\"column-2\">Wrobel, Ralph \u2013 \u201eJuden-Z\u00fclz\u201c: wirtschaftliche und soziale Verh\u00e4ltnisse in einem oberschlesischen \"Schtetl\" der Habsburgerzeit, in: Jahrbuch f\u00fcr Kirchen- und Kulturgeschichte der Deutschen in Ostmittel- und S\u00fcdosteuropa, Bd. 78 (2020), S. 225 - 226.<\/td><td class=\"column-3\"><a href=\"https:\/\/my.hidrive.com\/lnk\/LByzNO4t\">PDF<\/a><\/td>\n<\/tr>\n<tr class=\"row-14\">\n\t<td class=\"column-1\">2020<\/td><td class=\"column-2\">Wrobel, Ralph \u2013 Die Chmielnik-M\u00fchle bei Kerpen: Ein Ausschnitt aus der Wirtschafts-und Familiengeschichte Oberschlesiens, in: Jahrbuch f\u00fcr Schlesische Kultur und Geschichte, Bd. 57\/58, 2016\/17, Insingen2020, S. 471 -505.<\/td><td class=\"column-3\"><a href=\"https:\/\/my.hidrive.com\/lnk\/zeyTtxw1\">PDF<\/a><\/td>\n<\/tr>\n<tr class=\"row-15\">\n\t<td class=\"column-1\">2020<\/td><td class=\"column-2\">Wrobel, Ralph \u2013 Die \"G\u00e4rtner\" im mittelalterlichen Oberschlesien: Ein unterb\u00e4uerliches Siedlungscluster bei der Residenzburg Oberglogau, in: Schlesische Geschichtsbl\u00e4tter, 46. Jg. (2019), 2. Heft, Karlstadt 2020, S. 55 - 74.<br \/>\n<br \/>\n<\/td><td class=\"column-3\"><a href=\"https:\/\/my.hidrive.com\/lnk\/iryztoUE\">PDF<\/a><\/td>\n<\/tr>\n<tr class=\"row-16\">\n\t<td class=\"column-1\">2020<\/td><td class=\"column-2\">Wrobel, Ralph \u2013 Das Pauliner Eremitenkloster zur Heiligen Dreifaltigkeit in Wiese sowie die Pfarrei und Krankenheilanstalt Wiese-Pauliner in Oberschlesien: Ergebnisse der aktuellen Forschung, in: Schlesische Geschichtsbl\u00e4tter, 46. Jg. (2019), 1. Heft, Karlstadt 2020, S. 6 - 15.<\/td><td class=\"column-3\"><a href=\"https:\/\/my.hidrive.com\/lnk\/XGyzNVBS\">PDF<\/a><\/td>\n<\/tr>\n<tr class=\"row-17\">\n\t<td class=\"column-1\">2018<\/td><td class=\"column-2\">Smarzly, Andreas \u2013 Die Geschichte der M\u00fchle von Zellin und der Zelliner M\u00fcller, in: Schlesische Geschichtsbl\u00e4tter, 45. Jg. (2018), 1. Heft, Karlstadt 2018, S. 28 \u2013 32.<\/td><td class=\"column-3\"><a href=\"https:\/\/my.hidrive.com\/lnk\/lHSzNrxH\">PDF<\/a><\/td>\n<\/tr>\n<tr class=\"row-18\">\n\t<td class=\"column-1\">2018<\/td><td class=\"column-2\">Wrobel, Ralph \u2013 G\u00e4rtnersiedlungen in Oberschlesien: Leschnig und Wiedrowitz unter der Herrschaft des Klosters Wiese-Pauliner als Beispiel, in: Jahrbuch f\u00fcr Schlesische Kultur und Geschichte, Bd. 55\/56, 2014\/15, Insingen 2018, S. 471 - 521.<\/td><td class=\"column-3\"><a href=\"https:\/\/my.hidrive.com\/lnk\/FGSTNKpv\">PDF<\/a><\/td>\n<\/tr>\n<tr class=\"row-19\">\n\t<td class=\"column-1\">2016<\/td><td class=\"column-2\">G\u00fcnter Hauptstock - Zabawki wykonywane r\u0119cznie w okolicach G\u0142og\u00f3wka, in: M\u00f3j G\u0142og\u00f3wek, Opole 2016, S. 100 \u2013 107.<\/td><td class=\"column-3\"><a href=\"https:\/\/my.hidrive.com\/lnk\/n4yzNLSL\">PDF<\/a><\/td>\n<\/tr>\n<tr class=\"row-20\">\n\t<td class=\"column-1\">2016<\/td><td class=\"column-2\">G\u00fcnter Hauptstock - Badacz lokalnej historii Ernst von Woikowsky-Biedau, in: M\u00f3j G\u0142og\u00f3wek, Opole 2016, S. 291 \u2013 296<\/td><td class=\"column-3\"><a href=\"https:\/\/my.hidrive.com\/lnk\/CKyzNHk2\">PDF<\/a><\/td>\n<\/tr>\n<tr class=\"row-21\">\n\t<td class=\"column-1\">2016<\/td><td class=\"column-2\">G\u00fcnter Hauptstock - Auf den Spuren der Oberglogauer Juden, in: ders: Beitr\u00e4ge zur Geschichte der Stadt Oberglogau, Bd. IV, Unna 2016, S. 50 \u2013 72<\/td><td class=\"column-3\"><a href=\"https:\/\/my.hidrive.com\/lnk\/rxSzt0J0\">PDF<\/a><\/td>\n<\/tr>\n<tr class=\"row-22\">\n\t<td class=\"column-1\">2016<\/td><td class=\"column-2\">G\u00fcnter Hauptstock - \u015aladami g\u0142og\u00f3weckich \u017byd\u00f3w, in: M\u00f3j G\u0142og\u00f3wek, Opole 2016, S. 260 - 281.<\/td><td class=\"column-3\"><a href=\"https:\/\/my.hidrive.com\/lnk\/udyztPn0\">PDF<\/a><\/td>\n<\/tr>\n<tr class=\"row-23\">\n\t<td class=\"column-1\">2016<\/td><td class=\"column-2\">Wrobel, Ralph \u2013 Das Dorf Wilkau, Kreis Neustadt\/OS im Urbarium des Klosters Wiese-Pauliner von 1788, in: Archiv f\u00fcr schlesische Kirchengeschichte, Band 73 - 2015, M\u00fcnster 2016, S. 263 -296.<\/td><td class=\"column-3\"><a href=\"https:\/\/my.hidrive.com\/lnk\/YlSTNLDm\">PDF<\/a><\/td>\n<\/tr>\n<tr class=\"row-24\">\n\t<td class=\"column-1\">2016<\/td><td class=\"column-2\">Ralph Wrobel \u2013 Geschichte der D\u00f6rfer Deutsch und Polnisch M\u00fcllmen, in: Wolfgang Globisch \/ Ralph Michael Wrobel - Wczoraj i Dzis Parafii Wierzch \/ Geschichte der D\u00f6rfer Deutsch und Polnisch M\u00fcllmen, 2. Auflage, Opole 2016, S. 517 \u2013 613.<\/td><td class=\"column-3\"><a href=\"https:\/\/my.hidrive.com\/lnk\/HeSztlAd\">PDF<\/a><\/td>\n<\/tr>\n<tr class=\"row-25\">\n\t<td class=\"column-1\">2014<\/td><td class=\"column-2\">Andreas M. Smarzly - Blaschewitz (Kreis Neustadt OS) \u2013 Geschichte eines oberschlesischen Dorfes, Landeskundliche Schriftenreihe der Historischen Kommission f\u00fcr den Kreis Neustadt\/Oberschlesien e.V., Bd. 8, G\u00f6rlitz 2014<\/td><td class=\"column-3\"><a href=\"https:\/\/my.hidrive.com\/lnk\/WFyTNrs1\">PDF<\/a><\/td>\n<\/tr>\n<tr class=\"row-26\">\n\t<td class=\"column-1\">2013<\/td><td class=\"column-2\">Johannes Preisner - Das Friedersdorfer Urbarium von 1805 und die Situation der Landbev\u00f6lkerung im Oberglogauer Land vor der Befreiung aus der Erbuntert\u00e4nigkeit, Landeskundliche Schriftenreihe der Historischen Kommission f\u00fcr den Kreis Neustadt\/ Oberschlesien e.V ., Bd. 7, G\u00f6rlitz 2013<br \/>\n<\/td><td class=\"column-3\"><a href=\"https:\/\/my.hidrive.com\/lnk\/tmSTtFG5\">PDF<\/a><\/td>\n<\/tr>\n<tr class=\"row-27\">\n\t<td class=\"column-1\">2013<\/td><td class=\"column-2\">Wrobel, Ralph \u2013 Die Madonna im Spiegel: Kunst- und kulturhistorische Bedeutung des Tschenstochauer Marienbildes aus dem Kloster Wiese-Pauliner in Oberschlesien, in: Archiv f\u00fcr schlesische Kirchengeschichte, Band 71 - 2013, M\u00fcnster 2013, S. 171 - 210.<br \/>\n<br \/>\n<\/td><td class=\"column-3\"><a href=\"https:\/\/my.hidrive.com\/lnk\/geSzNair\">PDF<\/a><\/td>\n<\/tr>\n<tr class=\"row-28\">\n\t<td class=\"column-1\">2013<\/td><td class=\"column-2\">Wrobel, Ralph \u2013 Das Kloster Wiese-Pauliner bei Oberglogau in den \"Regestra Perceptarum et Expensarum ...\" von 1711, in: Archiv f\u00fcr schlesische Kirchengeschichte Band 70 - 2012, M\u00fcnster 2013, S. 159 - 181.<\/td><td class=\"column-3\"><a href=\"https:\/\/my.hidrive.com\/lnk\/bjyTtXhN\">PDF<\/a><\/td>\n<\/tr>\n<tr class=\"row-29\">\n\t<td class=\"column-1\">2013<\/td><td class=\"column-2\">G\u00fcnter Hauptstock \u2013 Die alte Wasserkunst, in: ders.: Beitr\u00e4ge zur Geschichte der Stadt Oberglogau, Unna 2013, S. 47 \u2013 56.<\/td><td class=\"column-3\"><a href=\"https:\/\/my.hidrive.com\/lnk\/xCSzNfpC\">PDF<\/a><\/td>\n<\/tr>\n<tr class=\"row-30\">\n\t<td class=\"column-1\">2012<\/td><td class=\"column-2\">M\u0142ynarska, Henryka \u2013 Erinnerungen an den P\u00e4dagogen und Organisten Joseph Schittko aus Friedersdorf, in: Ethnische Minderheiten und Erinnerungskulturen in Mittel- und Osteuropa, 2012, S. 111 \u2013 131.<\/td><td class=\"column-3\"><a href=\"https:\/\/my.hidrive.com\/lnk\/IXyTtVm1\">PDF<\/a><\/td>\n<\/tr>\n<tr class=\"row-31\">\n\t<td class=\"column-1\">2012<\/td><td class=\"column-2\">Wrobel, Ralph \u2013 Die Entwicklung des oberschlesischen Schulwesens in preu\u00dfischer Zeit am Beispiel der Dorfschule in Kerpen, in: Ethnische Minderheiten und Erinnerungskulturen in Mittel- und Osteuropa, 2012, S.81 \u2013 110.<\/td><td class=\"column-3\"><a href=\"https:\/\/my.hidrive.com\/lnk\/7ASztdE1\">PDF<\/a><\/td>\n<\/tr>\n<tr class=\"row-32\">\n\t<td class=\"column-1\">2012<\/td><td class=\"column-2\">Wrobel, Ralph \u2013 Die \u201eRobothfreye Erbscholtisey\u201c zu Kerpen: Sechshundertj\u00e4hrige Geschichte einer deutschrechtlichen Einrichtung im polnischsprachigen Oberschlesien, in: Schlesische Geschichtsbl\u00e4tter, 39. Jg. (2012), Karlstadt 2012, S. 81 - 93.<\/td><td class=\"column-3\"><a href=\"https:\/\/my.hidrive.com\/lnk\/RZyTt7Sw\">PDF<\/a><\/td>\n<\/tr>\n<tr class=\"row-33\">\n\t<td class=\"column-1\">2012<\/td><td class=\"column-2\">Wrobel, Ralph \u2013 Pauperismus im l\u00e4ndlichen Oberschlesien vor 1848: Am Beispiel der H\u00e4uslerstelle Nr. 40 in Kerpen, Kreis Neustadt\/OS, in: Schlesische Geschichtsbl\u00e4tter 39. Jg. (2012), Heft 2, S. 71 - 79.<\/td><td class=\"column-3\"><a href=\"https:\/\/my.hidrive.com\/lnk\/VayTNfyn\">PDF<\/a><\/td>\n<\/tr>\n<tr class=\"row-34\">\n\t<td class=\"column-1\">2011<\/td><td class=\"column-2\">Smarzly, Andreas \u2013 Aus der Geschichte des Dorfes Neuhof (Kreis Neustadt), in: Schlesische Geschichtsbl\u00e4tter, 38. Jahrgang (2001), Heft 1, Karlstadt 2011, S. 36 \u2013 38.<\/td><td class=\"column-3\"><a href=\"https:\/\/my.hidrive.com\/lnk\/R9STt9xl\">PDF<\/a><\/td>\n<\/tr>\n<tr class=\"row-35\">\n\t<td class=\"column-1\">2010<\/td><td class=\"column-2\">Smarzly, Andreas \u2013 Die Schreibersdorfer M\u00fchle \u201eAmerikon\u201c, in: Schlesische Geschichtsbl\u00e4tter, 37. Jg., Heft 2, Karlstadt 2010, S. 68 \u2013 71.<\/td><td class=\"column-3\"><a href=\"https:\/\/my.hidrive.com\/lnk\/oLyztIMC\">PDF<\/a><\/td>\n<\/tr>\n<tr class=\"row-36\">\n\t<td class=\"column-1\">2010<\/td><td class=\"column-2\">Smarzly, Andreas \u2013 Das Geschlecht Lassota von Steblau im Oberglogauer Land und dessen politische Wirkung in Oberschlesien und auf der internationalen B\u00fchne, in: Schlesische Geschichtsbl\u00e4tter, 37. Jg. (2010), Heft 1, Karlstadt 2010, S. 13 \u2013 19.<\/td><td class=\"column-3\"><a href=\"https:\/\/my.hidrive.com\/lnk\/ZXSzNKI1\">PDF<\/a><\/td>\n<\/tr>\n<tr class=\"row-37\">\n\t<td class=\"column-1\">2010<\/td><td class=\"column-2\">Anna Myszynska - Oberschlesische Erz\u00e4hlungen \/ \u015al\u0105skie Rozprawiane, Landeskundliche Schriftenreihe der Historischen Kommission f\u00fcr den Kreis Neustadt\/Oberschlesien e.V.,Bd. 6, G\u00f6rlitz 2010<\/td><td class=\"column-3\"><a href=\"https:\/\/my.hidrive.com\/lnk\/c8yzNarS\">PDF<\/a><\/td>\n<\/tr>\n<tr class=\"row-38\">\n\t<td class=\"column-1\">2010<\/td><td class=\"column-2\">Preisner, Johannes \u2013 Oberglogauer Mariens\u00e4ule 340 Jahre alt, in: Schlesische Geschichtsbl\u00e4tter, 37. Jg. (2010), Heft 1, Karlstadt 2010, S. 11 \u2013 12.<\/td><td class=\"column-3\"><a href=\"https:\/\/my.hidrive.com\/lnk\/ALyTNUnD\">PDF<\/a><\/td>\n<\/tr>\n<tr class=\"row-39\">\n\t<td class=\"column-1\">2010<\/td><td class=\"column-2\">Hesse, Werner \u2013 Pi\u0119\u0107dziesi\u0105t lat Neust\u00e4dter Heimatstube (Prudnickiej Izby Regionalnej), in: Ziemia Prudnicka \u2013 Rocznik 2009\/10, Prudnik 2010, S. 416 \u2013 424.<\/td><td class=\"column-3\"><a href=\"https:\/\/my.hidrive.com\/lnk\/LTSztlY0\">PDF<\/a><\/td>\n<\/tr>\n<tr class=\"row-40\">\n\t<td class=\"column-1\">2010<\/td><td class=\"column-2\">Smarzly, Andreas - M\u0142yn \u201eAmerikon\u201d w Pisarzowicach, in: Ziemia Prudnicka \u2013 Rocznik 2009\/10, Prudnik 2010, S. 95 \u2013 98.<\/td><td class=\"column-3\"><a href=\"https:\/\/my.hidrive.com\/lnk\/fzyTN5nF\">PDF<\/a><\/td>\n<\/tr>\n<tr class=\"row-41\">\n\t<td class=\"column-1\">2010<\/td><td class=\"column-2\">Smarzly, Andreas - R\u00f3d Lassota von Steblau na ziemi g\u0142og\u00f3weckiej, in: Ziemia Prudnicka \u2013 Rocznik 2009\/10, Prudnik 2010, S. 230 \u2013 237. <\/td><td class=\"column-3\"><a href=\"https:\/\/my.hidrive.com\/lnk\/WESTNR9P\">PDF<\/a><\/td>\n<\/tr>\n<tr class=\"row-42\">\n\t<td class=\"column-1\">2010<\/td><td class=\"column-2\">Smarzly, Andreas - Z pocz\u0105tk\u00f3w K\u00f3rnicy, in: Ziemia Prudnicka \u2013 Rocznik 2009\/10, Prudnik 2010, S. 89 \u2013 94.<\/td><td class=\"column-3\"><a href=\"https:\/\/my.hidrive.com\/lnk\/H1yztNnz\">PDF<\/a><\/td>\n<\/tr>\n<tr class=\"row-43\">\n\t<td class=\"column-1\">2009<\/td><td class=\"column-2\">Paul Dittrich - Die Pfarrei St. Jakobus in Leuber \/ Kreis OS, Landeskundliche Schriftenreihe der Historischen Kommission f\u00fcr den Kreis Neustadt\/ Oberschlesien e.V ., Bd. 5, G\u00f6rlitz 2009<\/td><td class=\"column-3\"><a href=\"https:\/\/my.hidrive.com\/lnk\/buSztlCH\">PDF<\/a><\/td>\n<\/tr>\n<tr class=\"row-44\">\n\t<td class=\"column-1\">2008<\/td><td class=\"column-2\">Smarzly, Andreas \u2013 Friderizianische Siedlung links der Oder am Beispiel der Kolonie Reitersdorf im Kreis Neustadt OS, in: Oberschlesisches Jahrbuch 2005\/2006, Bd. 21\/22, S. 49-68, Aschendorff 2008<\/td><td class=\"column-3\"><a href=\"https:\/\/my.hidrive.com\/lnk\/TvSTNBGe\">PDF<\/a><\/td>\n<\/tr>\n<tr class=\"row-45\">\n\t<td class=\"column-1\">2008<\/td><td class=\"column-2\">Smarzly, Andreas \u2013 Maria\u017ce rodzin rolniczych na G\u00f3rnym \u015al\u0105sku na przyk\u0142adzie historii rodziny Janik w K\u00f3rnicy i Oraczach, in: Ziemia Prudnicka - Rocznik 2008, Prudnik 2008, S. 110-115.<\/td><td class=\"column-3\"><a href=\"https:\/\/my.hidrive.com\/lnk\/F6yTNs5B\">PDF<\/a><\/td>\n<\/tr>\n<tr class=\"row-46\">\n\t<td class=\"column-1\">2007<\/td><td class=\"column-2\">Richard Pohl, Johannes Preisner, Ralph Wrobel - Der Kreis Neustadt\/OS im alten Urbarium von 1534, Landeskundliche Schriftenreihe der Historischen Kommission f\u00fcr den Kreis Neustadt\/Oberschlesien e.V., Bd. 4, G\u00f6rlitz 2007<\/td><td class=\"column-3\"><a href=\"https:\/\/my.hidrive.com\/lnk\/OryTNKRF\">PDF<\/a><\/td>\n<\/tr>\n<tr class=\"row-47\">\n\t<td class=\"column-1\">2007<\/td><td class=\"column-2\">Smarzly, Andreas - Z dziej\u00f3w m\u0142yna w Zielinie oraz zieli\u0144skich m\u0142ynarzy, in Ziemia Prudnicka \u2013 Rocznik 2007, Prudnik 2007, S. 128 \u2013 132.<\/td><td class=\"column-3\"><a href=\"https:\/\/my.hidrive.com\/lnk\/7uyTt5A1\">PDF<\/a><\/td>\n<\/tr>\n<tr class=\"row-48\">\n\t<td class=\"column-1\">2007<\/td><td class=\"column-2\">Wrobel, Ralph \u2013 W\u00f3jtostwo miejskie w G\u0142og\u00f3wku [Die Vogtei in Oberglogau], in Ziemia Prudnicka \u2013 Rocznik 2007, Prudnik 2007, S. 40 \u2013 49.<\/td><td class=\"column-3\"><a href=\"https:\/\/my.hidrive.com\/lnk\/BBSztJxn\">PDF<\/a><\/td>\n<\/tr>\n<tr class=\"row-49\">\n\t<td class=\"column-1\">2006<\/td><td class=\"column-2\">Wrobel, Ralph \u2013 Die Gr\u00fcndung und fr\u00fche Entwicklung der Stadt Oberglogau, in: Oberschlesisches Jahrbuch, Bd. 20, Jg. 2004, M\u00fcnster 2006, S. 13-66.<\/td><td class=\"column-3\"><a href=\"https:\/\/my.hidrive.com\/lnk\/B6yztZud\">PDF<\/a><\/td>\n<\/tr>\n<tr class=\"row-50\">\n\t<td class=\"column-1\">2006<\/td><td class=\"column-2\">Smarzly, Andreas \u2013 Hadyrlov i Zupitzowie, in: Ziemia Prudnicka - Rocznik 2006, Prudnik 2006, S. 193-196.<\/td><td class=\"column-3\"><a href=\"https:\/\/my.hidrive.com\/lnk\/kHSztQKo\">PDF<\/a><\/td>\n<\/tr>\n<tr class=\"row-51\">\n\t<td class=\"column-1\">2005<\/td><td class=\"column-2\">G\u00fcnter Hauptstock \u2013 300 Jahre Friedhofskirche, in: Neust\u00e4dter Heimatbrief, Nr. 9\/2005, S. 266 \u2013 267<\/td><td class=\"column-3\"><a href=\"https:\/\/my.hidrive.com\/lnk\/hsSTt8iU\">PDF<\/a><\/td>\n<\/tr>\n<tr class=\"row-52\">\n\t<td class=\"column-1\">2005<\/td><td class=\"column-2\">Smarzly, Andreas \u2013 P\u00f3\u0142 dnia wolno\u015bci \u2013 wypadki k\u00f3rnickie latem 1945 roku, in: Ziemia Prudnicka - Rocznik 2005, Prudnik 2005, S. 35 \u2013 39.<\/td><td class=\"column-3\"><a href=\"https:\/\/my.hidrive.com\/lnk\/kBSTtpyD\">PDF<\/a><\/td>\n<\/tr>\n<tr class=\"row-53\">\n\t<td class=\"column-1\">2004<\/td><td class=\"column-2\">Wrobel, Ralph \u2013 Die Burg Woytowitz im Spannungsfeld zwischen Oberglogau und Repsch \u2013 Aspekte einer historischen Dreiecksbeziehung, in: Oberschlesisches Jahrbuch, Bd. 18\/19, Jg. 2002\/03, M\u00fcnster 2004, S. 11 \u2013 48.<\/td><td class=\"column-3\"><a href=\"https:\/\/my.hidrive.com\/lnk\/G5STNAPz\">PDF<\/a><\/td>\n<\/tr>\n<tr class=\"row-54\">\n\t<td class=\"column-1\">2004<\/td><td class=\"column-2\">Wrobel, Ralph \u2013 Konflikt niemiecko-polski wed\u0142ug kroniki szko\u0142y i gmini Kierpie\u0144 1918 \u2013 1925 \/ Der deutsch-polnische Konflikt in der Schul- und Gemeindechronik von Kerpen 1918 \u2013 1925, in: Ziemia Prudnicka \u2013 Rocznik 2004, Prudnik 2004, S. 70 \u2013 81.<\/td><td class=\"column-3\"><a href=\"https:\/\/my.hidrive.com\/lnk\/L0yTNlhA\">PDF<\/a><\/td>\n<\/tr>\n<tr class=\"row-55\">\n\t<td class=\"column-1\">2003<\/td><td class=\"column-2\">Wrobel, Ralph \u2013 Joannici w powiecie prudnickim \/ Die Johanniter im Kreis Neustadt\/OS, in: Ziemia Prudnicka \u2013 Rocznik 2003, Prudnik 2003, S. 12 \u2013 17.<\/td><td class=\"column-3\"><a href=\"https:\/\/my.hidrive.com\/lnk\/NRSzt1Uk\">PDF<\/a><\/td>\n<\/tr>\n<tr class=\"row-56\">\n\t<td class=\"column-1\">2003<\/td><td class=\"column-2\">G\u00fcnter Hauptstock \u2013 Weinanbau in Oberglogau, in: Neust\u00e4dter Heimatbrief, Nr. 10\/2003, S. 293 \u2013 294<\/td><td class=\"column-3\"><a href=\"https:\/\/my.hidrive.com\/lnk\/2pSzNqDJ\">PDF<\/a><\/td>\n<\/tr>\n<tr class=\"row-57\">\n\t<td class=\"column-1\">2000<\/td><td class=\"column-2\">Wrobel, Ralph \u2013 Adelige Siedlungst\u00e4tigkeit im mittelalterlichen Oberschlesien: Die Herrschaft K\u00f6rnitz und Alt-Kuttendorf als Beispiel, in: Oberschlesisches Jahrbuch, Bd. 14\/15, Jg. 1998\/99, Heidelberg 2000, S. 31 \u2013 48.  <\/td><td class=\"column-3\"><a href=\"https:\/\/my.hidrive.com\/lnk\/6hSTtxIP\">PDF<\/a><\/td>\n<\/tr>\n<tr class=\"row-58\">\n\t<td class=\"column-1\">1996<\/td><td class=\"column-2\">Wrobel, Ralph \u2013 Die Wasserm\u00fchle als Indikator grundherrschaftlicher Wirtschaftst\u00e4tigkeit in Oberschlesien - Eine Untersuchung der Wasserm\u00fchlen in der Herrschaft Oberglogau, in: Oberschlesisches Jahrbuch, Bd. 12, Jg. 1996, S. 53-76.<\/td><td class=\"column-3\"><a href=\"https:\/\/my.hidrive.com\/lnk\/09STtCqQ\">PDF<\/a><\/td>\n<\/tr>\n<tr class=\"row-59\">\n\t<td class=\"column-1\">1993<\/td><td class=\"column-2\">Wrobel, Ralph \u2013 Die Entstehung des G\u00e4rtnerstandes in der Herrschaft Oberglogau, in: Oberschlesisches Jahrbuch, Bd. 9, Jg. 1993, S. 67-81.<\/td><td class=\"column-3\"><a href=\"https:\/\/my.hidrive.com\/lnk\/W9STNYi6\">PDF<\/a><\/td>\n<\/tr>\n<\/tbody>\n<tfoot>\n<tr class=\"row-60\">\n\t<th class=\"column-1\">Rok<\/th><th class=\"column-2\">Titel<\/th><th class=\"column-3\">Link<\/th>\n<\/tr>\n<\/tfoot>\n<\/table>\n<br \/>\n<\/p>","protected":false},"excerpt":{"rendered":"","protected":false},"author":2,"featured_media":0,"parent":0,"menu_order":0,"comment_status":"closed","ping_status":"closed","template":"","meta":{"footnotes":""},"class_list":["post-1389","page","type-page","status-publish","hentry"],"_links":{"self":[{"href":"https:\/\/hkknos.eu\/pl\/wp-json\/wp\/v2\/pages\/1389","targetHints":{"allow":["GET"]}}],"collection":[{"href":"https:\/\/hkknos.eu\/pl\/wp-json\/wp\/v2\/pages"}],"about":[{"href":"https:\/\/hkknos.eu\/pl\/wp-json\/wp\/v2\/types\/page"}],"author":[{"embeddable":true,"href":"https:\/\/hkknos.eu\/pl\/wp-json\/wp\/v2\/users\/2"}],"replies":[{"embeddable":true,"href":"https:\/\/hkknos.eu\/pl\/wp-json\/wp\/v2\/comments?post=1389"}],"version-history":[{"count":4,"href":"https:\/\/hkknos.eu\/pl\/wp-json\/wp\/v2\/pages\/1389\/revisions"}],"predecessor-version":[{"id":1696,"href":"https:\/\/hkknos.eu\/pl\/wp-json\/wp\/v2\/pages\/1389\/revisions\/1696"}],"wp:attachment":[{"href":"https:\/\/hkknos.eu\/pl\/wp-json\/wp\/v2\/media?parent=1389"}],"curies":[{"name":"wp","href":"https:\/\/api.w.org\/{rel}","templated":true}]}}